{"id":8301,"date":"2025-01-31T22:44:59","date_gmt":"2025-01-31T21:44:59","guid":{"rendered":"https:\/\/fontaine-chamonix.com\/parco-di-merlet\/"},"modified":"2025-07-31T11:40:56","modified_gmt":"2025-07-31T09:40:56","slug":"parco-di-merlet","status":"publish","type":"page","link":"https:\/\/fontaine-chamonix.com\/it\/parco-di-merlet\/","title":{"rendered":"Parco di Merlet"},"content":{"rendered":"\t\t<div data-elementor-type=\"wp-page\" data-elementor-id=\"8301\" class=\"elementor elementor-8301 elementor-7816\" data-elementor-post-type=\"page\">\n\t\t\t\t<div data-dce-background-image-url=\"https:\/\/fontaine-chamonix.com\/wp-content\/uploads\/2024\/12\/harry-burk-ngzehCvVYdY-unsplash-1-scaled.jpg\" class=\"elementor-element elementor-element-1d263a44 e-con-full e-flex e-con e-parent\" data-id=\"1d263a44\" data-element_type=\"container\" data-e-type=\"container\" data-settings=\"{&quot;background_background&quot;:&quot;classic&quot;,&quot;jet_parallax_layout_list&quot;:[]}\">\n\t\t\t\t<div data-dce-title-color=\"#FFFFFF\" class=\"elementor-element elementor-element-53b57578 elementor-widget elementor-widget-heading\" data-id=\"53b57578\" data-element_type=\"widget\" data-e-type=\"widget\" data-widget_type=\"heading.default\">\n\t\t\t\t\t<h1 class=\"elementor-heading-title elementor-size-default\">Parco di Merlet<\/h1>\t\t\t\t<\/div>\n\t\t\t\t<\/div>\n\t\t<div class=\"elementor-element elementor-element-519dd56a e-con-full e-flex e-con e-parent\" data-id=\"519dd56a\" data-element_type=\"container\" data-e-type=\"container\" data-settings=\"{&quot;jet_parallax_layout_list&quot;:[]}\">\n\t\t\t\t<div class=\"elementor-element elementor-element-5834a902 elementor-widget elementor-widget-shortcode\" data-id=\"5834a902\" data-element_type=\"widget\" data-e-type=\"widget\" data-widget_type=\"shortcode.default\">\n\t\t\t\t\t\t\t<div class=\"elementor-shortcode\"><nav aria-label=\"breadcrumbs\" class=\"rank-math-breadcrumb\"><p><span class=\"last\">Accueil<\/span><\/p><\/nav><\/div>\n\t\t\t\t\t\t<\/div>\n\t\t\t\t<\/div>\n\t\t<div class=\"elementor-element elementor-element-b4df399 e-con-full e-flex e-con e-parent\" data-id=\"b4df399\" data-element_type=\"container\" data-e-type=\"container\" data-settings=\"{&quot;jet_parallax_layout_list&quot;:[]}\">\n\t\t<div class=\"elementor-element elementor-element-a4af458 e-con-full e-flex e-con e-child\" data-id=\"a4af458\" data-element_type=\"container\" data-e-type=\"container\" data-settings=\"{&quot;background_background&quot;:&quot;classic&quot;,&quot;jet_parallax_layout_list&quot;:[]}\">\n\t\t\t\t<div data-dce-title-color=\"#212028\" class=\"elementor-element elementor-element-b67206d elementor-widget elementor-widget-heading\" data-id=\"b67206d\" data-element_type=\"widget\" data-e-type=\"widget\" data-widget_type=\"heading.default\">\n\t\t\t\t\t<h2 class=\"elementor-heading-title elementor-size-default\">Parco di Merlet<\/h2>\t\t\t\t<\/div>\n\t\t\t\t<div class=\"elementor-element elementor-element-7fafecc7 elementor-widget elementor-widget-text-editor\" data-id=\"7fafecc7\" data-element_type=\"widget\" data-e-type=\"widget\" data-widget_type=\"text-editor.default\">\n\t\t\t\t\t\t\t\t\t<p>Il Parco di Merlet, situato a Les Houches nella valle di Chamonix, \u00e8 molto pi\u00f9 di un semplice parco animali. Arroccato a 950 metri di altitudine, si estende su 21 ettari e offre un&#8217;immersione totale nella natura selvaggia delle Alpi. \u00c8 un luogo unico in cui la fauna selvatica di montagna si muove liberamente, offrendo ai visitatori un&#8217;esperienza autentica e lontana dagli zoo tradizionali.<\/p>\n\t\t\t\t\t\t\t\t<\/div>\n\t\t\t\t<div class=\"elementor-element elementor-element-2469e08 elementor-align-center elementor-widget elementor-widget-button\" data-id=\"2469e08\" data-element_type=\"widget\" data-e-type=\"widget\" data-widget_type=\"button.default\">\n\t\t\t\t\t\t\t\t\t\t<a class=\"elementor-button elementor-button-link elementor-size-sm\" href=\"https:\/\/www.parcdemerlet.com\/\" target=\"_blank\" rel=\"noopener\">\n\t\t\t\t\t\t<span class=\"elementor-button-content-wrapper\">\n\t\t\t\t\t\t\t\t\t<span class=\"elementor-button-text\">Per saperne di pi\u00f9<\/span>\n\t\t\t\t\t<\/span>\n\t\t\t\t\t<\/a>\n\t\t\t\t\t\t\t\t<\/div>\n\t\t\t\t<div class=\"elementor-element elementor-element-364f3f2d elementor-widget elementor-widget-spacer\" data-id=\"364f3f2d\" data-element_type=\"widget\" data-e-type=\"widget\" data-widget_type=\"spacer.default\">\n\t\t\t\t\t\t\t<div class=\"elementor-spacer\">\n\t\t\t<div class=\"elementor-spacer-inner\"><\/div>\n\t\t<\/div>\n\t\t\t\t\t\t<\/div>\n\t\t<div class=\"elementor-element elementor-element-7f7c8e49 e-con-full e-flex e-con e-child\" data-id=\"7f7c8e49\" data-element_type=\"container\" data-e-type=\"container\" data-settings=\"{&quot;jet_parallax_layout_list&quot;:[]}\">\n\t\t<div class=\"elementor-element elementor-element-6098a145 e-con-full e-flex e-con e-child\" data-id=\"6098a145\" data-element_type=\"container\" data-e-type=\"container\" data-settings=\"{&quot;jet_parallax_layout_list&quot;:[]}\">\n\t\t\t\t<div data-dce-title-color=\"#000000\" class=\"elementor-element elementor-element-760bc193 elementor-widget elementor-widget-heading\" data-id=\"760bc193\" data-element_type=\"widget\" data-e-type=\"widget\" data-widget_type=\"heading.default\">\n\t\t\t\t\t<h2 class=\"elementor-heading-title elementor-size-default\">Un ambiente naturale eccezionale<\/h2>\t\t\t\t<\/div>\n\t\t\t\t<div class=\"elementor-element elementor-element-c7b2dbf elementor-widget elementor-widget-text-editor\" data-id=\"c7b2dbf\" data-element_type=\"widget\" data-e-type=\"widget\" data-widget_type=\"text-editor.default\">\n\t\t\t\t\t\t\t\t\t<p>Il Parc de Merlet offre un ambiente eccezionale, con una vista mozzafiato sul Monte Bianco. Soggiornando qui, vi troverete a due passi da questo maestoso massiccio, per un&#8217;esperienza unica per gli occhi e per i sensi. Godetevi le vostre passeggiate tra boschi, pascoli e scogliere, osservando un&#8217;ampia variet\u00e0 di fauna selvatica che si evolve nel suo ambiente naturale. Un&#8217;immersione totale nella natura, a pochi minuti dal vostro alloggio.<\/p>\n\t\t\t\t\t\t\t\t<\/div>\n\t\t\t\t<\/div>\n\t\t<div class=\"elementor-element elementor-element-a61513a e-con-full e-flex e-con e-child\" data-id=\"a61513a\" data-element_type=\"container\" data-e-type=\"container\" data-settings=\"{&quot;background_background&quot;:&quot;slideshow&quot;,&quot;background_slideshow_gallery&quot;:[{&quot;id&quot;:9765,&quot;url&quot;:&quot;https:\\\/\\\/fontaine-chamonix.com\\\/wp-content\\\/uploads\\\/2025\\\/07\\\/jeroen-roegist-nK5YKUzNan4-unsplash-min-scaled.jpg&quot;}],&quot;background_slideshow_slide_duration&quot;:2000,&quot;jet_parallax_layout_list&quot;:[],&quot;background_slideshow_loop&quot;:&quot;yes&quot;,&quot;background_slideshow_slide_transition&quot;:&quot;fade&quot;,&quot;background_slideshow_transition_duration&quot;:500}\">\n\t\t\t\t<\/div>\n\t\t\t\t<\/div>\n\t\t\t\t<div class=\"elementor-element elementor-element-14fe6d5a elementor-widget elementor-widget-spacer\" data-id=\"14fe6d5a\" data-element_type=\"widget\" data-e-type=\"widget\" data-widget_type=\"spacer.default\">\n\t\t\t\t\t\t\t<div class=\"elementor-spacer\">\n\t\t\t<div class=\"elementor-spacer-inner\"><\/div>\n\t\t<\/div>\n\t\t\t\t\t\t<\/div>\n\t\t<div class=\"elementor-element elementor-element-772c8ebf e-con-full e-flex e-con e-child\" data-id=\"772c8ebf\" data-element_type=\"container\" data-e-type=\"container\" data-settings=\"{&quot;jet_parallax_layout_list&quot;:[]}\">\n\t\t<div class=\"elementor-element elementor-element-2565c32 e-con-full e-flex e-con e-child\" data-id=\"2565c32\" data-element_type=\"container\" data-e-type=\"container\" data-settings=\"{&quot;background_background&quot;:&quot;slideshow&quot;,&quot;background_slideshow_gallery&quot;:[{&quot;id&quot;:9759,&quot;url&quot;:&quot;https:\\\/\\\/fontaine-chamonix.com\\\/wp-content\\\/uploads\\\/2025\\\/07\\\/jeroen-roegist-UdHrxqSyl7c-unsplash-1-scaled.jpg&quot;}],&quot;background_slideshow_slide_duration&quot;:2000,&quot;jet_parallax_layout_list&quot;:[],&quot;background_slideshow_loop&quot;:&quot;yes&quot;,&quot;background_slideshow_slide_transition&quot;:&quot;fade&quot;,&quot;background_slideshow_transition_duration&quot;:500}\">\n\t\t\t\t<\/div>\n\t\t<div class=\"elementor-element elementor-element-7c674a1 e-con-full e-flex e-con e-child\" data-id=\"7c674a1\" data-element_type=\"container\" data-e-type=\"container\" data-settings=\"{&quot;jet_parallax_layout_list&quot;:[]}\">\n\t\t\t\t<div data-dce-title-color=\"#000000\" class=\"elementor-element elementor-element-273455af elementor-widget elementor-widget-heading\" data-id=\"273455af\" data-element_type=\"widget\" data-e-type=\"widget\" data-widget_type=\"heading.default\">\n\t\t\t\t\t<h2 class=\"elementor-heading-title elementor-size-default\">Animali selvatici di montagna in libert\u00e0<\/h2>\t\t\t\t<\/div>\n\t\t\t\t<div class=\"elementor-element elementor-element-227a5824 elementor-widget elementor-widget-text-editor\" data-id=\"227a5824\" data-element_type=\"widget\" data-e-type=\"widget\" data-widget_type=\"text-editor.default\">\n\t\t\t\t\t\t\t\t\t<p>Il cuore del Parc de Merlet \u00e8 costituito dagli animali. Pi\u00f9 di 80 specie di montagna, tra cui camosci, stambecchi, marmotte, cervi sika e mufloni, vagano liberamente in quest&#8217;area incontaminata. Questi animali non sono confinati in recinti tradizionali, dando la possibilit\u00e0 di osservarli da vicino, nel loro habitat naturale. Un vero spettacolo faunistico, da vivere appieno durante il soggiorno.<\/p>\n\t\t\t\t\t\t\t\t<\/div>\n\t\t\t\t<\/div>\n\t\t\t\t<\/div>\n\t\t\t\t<div class=\"elementor-element elementor-element-536f626f elementor-widget elementor-widget-spacer\" data-id=\"536f626f\" data-element_type=\"widget\" data-e-type=\"widget\" data-widget_type=\"spacer.default\">\n\t\t\t\t\t\t\t<div class=\"elementor-spacer\">\n\t\t\t<div class=\"elementor-spacer-inner\"><\/div>\n\t\t<\/div>\n\t\t\t\t\t\t<\/div>\n\t\t<div class=\"elementor-element elementor-element-5628e40e e-con-full e-flex e-con e-child\" data-id=\"5628e40e\" data-element_type=\"container\" data-e-type=\"container\" data-settings=\"{&quot;jet_parallax_layout_list&quot;:[]}\">\n\t\t<div class=\"elementor-element elementor-element-727e5736 e-con-full e-flex e-con e-child\" data-id=\"727e5736\" data-element_type=\"container\" data-e-type=\"container\" data-settings=\"{&quot;jet_parallax_layout_list&quot;:[]}\">\n\t\t<div class=\"elementor-element elementor-element-3357f6aa e-con-full e-flex e-con e-child\" data-id=\"3357f6aa\" data-element_type=\"container\" data-e-type=\"container\" data-settings=\"{&quot;jet_parallax_layout_list&quot;:[]}\">\n\t\t\t\t<div data-dce-title-color=\"#000000\" class=\"elementor-element elementor-element-4b95df7 elementor-widget elementor-widget-heading\" data-id=\"4b95df7\" data-element_type=\"widget\" data-e-type=\"widget\" data-widget_type=\"heading.default\">\n\t\t\t\t\t<h2 class=\"elementor-heading-title elementor-size-default\">Attivit\u00e0 interessanti per tutta la famiglia<\/h2>\t\t\t\t<\/div>\n\t\t\t\t<div class=\"elementor-element elementor-element-21e1ee65 elementor-widget elementor-widget-text-editor\" data-id=\"21e1ee65\" data-element_type=\"widget\" data-e-type=\"widget\" data-widget_type=\"text-editor.default\">\n\t\t\t\t\t\t\t\t\t<p>Il Parco offre molto di pi\u00f9 di una semplice passeggiata nella natura. Offre:<\/p>\n<p>Mostre coinvolgenti: scoprire la fauna, la flora e la storia della regione attraverso video e mostre.<\/p>\n<p>Laboratori interattivi: Partecipate a laboratori come \u201cCorna e corna\u201d per conoscere meglio gli animali di montagna, tra cui cervi e camosci.<\/p>\n<p>Visite guidate: Guide appassionate svelano i segreti del parco e raccontano la fauna locale e il suo ruolo ecologico.<\/p>\n\t\t\t\t\t\t\t\t<\/div>\n\t\t\t\t<\/div>\n\t\t<div class=\"elementor-element elementor-element-3d5f882d e-con-full e-flex e-con e-child\" data-id=\"3d5f882d\" data-element_type=\"container\" data-e-type=\"container\" data-settings=\"{&quot;background_background&quot;:&quot;slideshow&quot;,&quot;background_slideshow_gallery&quot;:[{&quot;id&quot;:9775,&quot;url&quot;:&quot;https:\\\/\\\/fontaine-chamonix.com\\\/wp-content\\\/uploads\\\/2025\\\/07\\\/ioann-mark-kuznietsov-9QTQFihyles-unsplash-1-scaled.jpg&quot;}],&quot;background_slideshow_slide_duration&quot;:2000,&quot;jet_parallax_layout_list&quot;:[],&quot;background_slideshow_loop&quot;:&quot;yes&quot;,&quot;background_slideshow_slide_transition&quot;:&quot;fade&quot;,&quot;background_slideshow_transition_duration&quot;:500}\">\n\t\t\t\t<\/div>\n\t\t\t\t<\/div>\n\t\t\t\t<\/div>\n\t\t<div class=\"elementor-element elementor-element-39b8e54f e-con-full e-flex e-con e-child\" data-id=\"39b8e54f\" data-element_type=\"container\" data-e-type=\"container\" data-settings=\"{&quot;jet_parallax_layout_list&quot;:[]}\">\n\t\t<div class=\"elementor-element elementor-element-213d64bd e-con-full e-flex e-con e-child\" data-id=\"213d64bd\" data-element_type=\"container\" data-e-type=\"container\" data-settings=\"{&quot;jet_parallax_layout_list&quot;:[]}\">\n\t\t<div class=\"elementor-element elementor-element-bc8563c e-con-full e-flex e-con e-child\" data-id=\"bc8563c\" data-element_type=\"container\" data-e-type=\"container\" data-settings=\"{&quot;background_background&quot;:&quot;slideshow&quot;,&quot;background_slideshow_gallery&quot;:[{&quot;id&quot;:9770,&quot;url&quot;:&quot;https:\\\/\\\/fontaine-chamonix.com\\\/wp-content\\\/uploads\\\/2025\\\/07\\\/catherine-verrecchia-RMWAz0TD4Ic-unsplash-1-scaled.jpg&quot;}],&quot;background_slideshow_slide_duration&quot;:2000,&quot;jet_parallax_layout_list&quot;:[],&quot;background_slideshow_loop&quot;:&quot;yes&quot;,&quot;background_slideshow_slide_transition&quot;:&quot;fade&quot;,&quot;background_slideshow_transition_duration&quot;:500}\">\n\t\t\t\t<\/div>\n\t\t<div class=\"elementor-element elementor-element-5e06a2b2 e-con-full e-flex e-con e-child\" data-id=\"5e06a2b2\" data-element_type=\"container\" data-e-type=\"container\" data-settings=\"{&quot;jet_parallax_layout_list&quot;:[]}\">\n\t\t\t\t<div data-dce-title-color=\"#000000\" class=\"elementor-element elementor-element-21e7e53 elementor-widget elementor-widget-heading\" data-id=\"21e7e53\" data-element_type=\"widget\" data-e-type=\"widget\" data-widget_type=\"heading.default\">\n\t\t\t\t\t<h2 class=\"elementor-heading-title elementor-size-default\">Come visitare il Parc de Merlet<\/h2>\t\t\t\t<\/div>\n\t\t\t\t<div class=\"elementor-element elementor-element-653f20f5 elementor-widget elementor-widget-text-editor\" data-id=\"653f20f5\" data-element_type=\"widget\" data-e-type=\"widget\" data-widget_type=\"text-editor.default\">\n\t\t\t\t\t\t\t\t\t<p>Il Parc de Merlet \u00e8 aperto da maggio a settembre, con orari che variano a seconda della stagione. \u00c8 facilmente raggiungibile in auto da Chamonix, con un parcheggio riservato ai visitatori. Per le famiglie e gli amanti della natura, una visita \u00e8 un vero e proprio viaggio nel cuore delle Alpi, un momento ideale per riconnettersi con la natura.<\/p>\n<p>Prezzi :<\/p>\n<p>Adulti: 9 \u20ac (a partire da 16 anni)<br \/>Bambini: 6 \u20ac (dai 4 ai 15 anni)<\/p>\n\t\t\t\t\t\t\t\t<\/div>\n\t\t\t\t<\/div>\n\t\t\t\t<\/div>\n\t\t\t\t<\/div>\n\t\t<div class=\"elementor-element elementor-element-7b80c848 e-con-full e-flex e-con e-child\" data-id=\"7b80c848\" data-element_type=\"container\" data-e-type=\"container\" data-settings=\"{&quot;jet_parallax_layout_list&quot;:[]}\">\n\t\t<div class=\"elementor-element elementor-element-3cb23ec0 e-con-full e-flex e-con e-child\" data-id=\"3cb23ec0\" data-element_type=\"container\" data-e-type=\"container\" data-settings=\"{&quot;jet_parallax_layout_list&quot;:[]}\">\n\t\t<div class=\"elementor-element elementor-element-59c05b2d e-con-full e-flex e-con e-child\" data-id=\"59c05b2d\" data-element_type=\"container\" data-e-type=\"container\" data-settings=\"{&quot;jet_parallax_layout_list&quot;:[]}\">\n\t\t\t\t<div data-dce-title-color=\"#000000\" class=\"elementor-element elementor-element-2102a5ff elementor-widget elementor-widget-heading\" data-id=\"2102a5ff\" data-element_type=\"widget\" data-e-type=\"widget\" data-widget_type=\"heading.default\">\n\t\t\t\t\t<h2 class=\"elementor-heading-title elementor-size-default\">Perch\u00e9 visitare il Parc de Merlet?<\/h2>\t\t\t\t<\/div>\n\t\t\t\t<div class=\"elementor-element elementor-element-15418cd5 elementor-widget elementor-widget-text-editor\" data-id=\"15418cd5\" data-element_type=\"widget\" data-e-type=\"widget\" data-widget_type=\"text-editor.default\">\n\t\t\t\t\t\t\t\t\t<p>Il Parc de Merlet \u00e8 il luogo ideale per chi cerca un&#8217;autentica esperienza di montagna. Oltre a offrire incredibili viste sul Monte Bianco, \u00e8 anche un luogo ideale per scoprire la fauna alpina in un ambiente naturale incontaminato. Una visita al Parc de Merlet \u00e8 un&#8217;avventura da non perdere nella valle di Chamonix, con escursioni, scoperte di animali e attivit\u00e0 per grandi e piccini.<\/p>\n\t\t\t\t\t\t\t\t<\/div>\n\t\t\t\t<\/div>\n\t\t<div class=\"elementor-element elementor-element-57ddfc96 e-con-full e-flex e-con e-child\" data-id=\"57ddfc96\" data-element_type=\"container\" data-e-type=\"container\" data-settings=\"{&quot;background_background&quot;:&quot;slideshow&quot;,&quot;background_slideshow_gallery&quot;:[{&quot;id&quot;:9780,&quot;url&quot;:&quot;https:\\\/\\\/fontaine-chamonix.com\\\/wp-content\\\/uploads\\\/2025\\\/07\\\/cristian-grecu-k01GW4HSEcw-unsplash-1-scaled.jpg&quot;}],&quot;background_slideshow_slide_duration&quot;:2000,&quot;jet_parallax_layout_list&quot;:[],&quot;background_slideshow_loop&quot;:&quot;yes&quot;,&quot;background_slideshow_slide_transition&quot;:&quot;fade&quot;,&quot;background_slideshow_transition_duration&quot;:500}\">\n\t\t\t\t<\/div>\n\t\t\t\t<\/div>\n\t\t\t\t<\/div>\n\t\t\t\t<\/div>\n\t\t\t\t<\/div>\n\t\t\t\t<\/div>\n\t\t","protected":false},"excerpt":{"rendered":"<p>Parco di Merlet Parco di Merlet Il Parco di Merlet, situato a Les Houches nella valle di Chamonix, \u00e8 molto pi\u00f9 di un semplice parco animali. Arroccato a 950 metri di altitudine, si estende su 21 ettari e offre un&#8217;immersione totale nella natura selvaggia delle Alpi. \u00c8 un luogo unico in cui la fauna selvatica [&hellip;]<\/p>\n","protected":false},"author":4,"featured_media":6069,"parent":0,"menu_order":0,"comment_status":"closed","ping_status":"closed","template":"elementor_header_footer","meta":{"footnotes":""},"class_list":["post-8301","page","type-page","status-publish","has-post-thumbnail","hentry"],"jetpack_sharing_enabled":true,"_links":{"self":[{"href":"https:\/\/fontaine-chamonix.com\/it\/wp-json\/wp\/v2\/pages\/8301","targetHints":{"allow":["GET"]}}],"collection":[{"href":"https:\/\/fontaine-chamonix.com\/it\/wp-json\/wp\/v2\/pages"}],"about":[{"href":"https:\/\/fontaine-chamonix.com\/it\/wp-json\/wp\/v2\/types\/page"}],"author":[{"embeddable":true,"href":"https:\/\/fontaine-chamonix.com\/it\/wp-json\/wp\/v2\/users\/4"}],"replies":[{"embeddable":true,"href":"https:\/\/fontaine-chamonix.com\/it\/wp-json\/wp\/v2\/comments?post=8301"}],"version-history":[{"count":5,"href":"https:\/\/fontaine-chamonix.com\/it\/wp-json\/wp\/v2\/pages\/8301\/revisions"}],"predecessor-version":[{"id":9787,"href":"https:\/\/fontaine-chamonix.com\/it\/wp-json\/wp\/v2\/pages\/8301\/revisions\/9787"}],"wp:featuredmedia":[{"embeddable":true,"href":"https:\/\/fontaine-chamonix.com\/it\/wp-json\/wp\/v2\/media\/6069"}],"wp:attachment":[{"href":"https:\/\/fontaine-chamonix.com\/it\/wp-json\/wp\/v2\/media?parent=8301"}],"curies":[{"name":"wp","href":"https:\/\/api.w.org\/{rel}","templated":true}]}}